{"id":1746,"date":"2025-03-28T12:07:20","date_gmt":"2025-03-28T11:07:20","guid":{"rendered":"https:\/\/wp.agepoly.ch\/?page_id=1746"},"modified":"2025-03-29T21:21:53","modified_gmt":"2025-03-29T20:21:53","slug":"offre-demploi","status":"publish","type":"page","link":"https:\/\/agepoly.ch\/en\/offre-demploi\/","title":{"rendered":"Offre d&#8217;emploi"},"content":{"rendered":"<div class=\"wp-block-buttons is-layout-flex wp-block-buttons-is-layout-flex\"><\/div>\n\n\n\n<h2 class=\"wp-block-heading\">Secr\u00e9taire Polyvalent\u00b7e \u00e0 100% <\/h2>\n\n\n\n<p><em>Les postulations et demandes de renseignement se font par e-mail uniquement, \u00e0 l\u2019adresse suivante : <a href=\"mailto:rh@agepoly.ch\">rh@agepoly.ch<\/a>. En cas de postulation, merci de joindre votre CV, une lettre de motivation ainsi que vos \u00e9ventuelles r\u00e9f\u00e9rences. <strong>La date limite de d\u00e9p\u00f4t des candidatures est fix\u00e9e au 18 avril 2025.<\/strong><\/em><\/p>\n\n\n\n<p>L\u2019<strong>Association G\u00e9n\u00e9rale des \u00c9tudiant\u00b7e\u00b7s de l\u2019EPFL<\/strong> est \u00e0 la recherche d\u2019un\u00b7e secr\u00e9taire polyvalent\u00b7e \u00e0 100% pour remplacer une collaboratrice en reconversion professionnelle.<\/p>\n\n\n\n<p>L\u2019AGEPoly est l\u2019association rassemblant l\u2019ensemble des \u00e9tudiant\u00b7e\u00b7s de l\u2019EPFL : existant depuis 1951, elle a pour buts la repr\u00e9sentation du corps estudiantin, l\u2019animation du campus et la mise \u00e0 disposition de services. Coordonn\u00e9e par un comit\u00e9 b\u00e9n\u00e9vole de 14 \u00e9tudiant\u00b7e\u00b7s \u00e9lu chaque ann\u00e9e, elle g\u00e8re un budget annuel d\u2019environ 2M CHF, plus de 600 b\u00e9n\u00e9voles et 17 commissions d\u2019activit\u00e9.<\/p>\n\n\n\n<p>Dans ce cadre, l\u2019AGEPoly est \u00e0 la recherche d\u2019un\u00b7e secr\u00e9taire polyvalent\u00b7e pour soutenir le comit\u00e9 dans ses t\u00e2ches et \u00eatre un point de contact central pour les b\u00e9n\u00e9voles de l\u2019association et les \u00e9tudiant\u00b7e\u00b7s de l\u2019EPFL. Vous aurez l\u2019opportunit\u00e9 d\u2019avoir un point de vue g\u00e9n\u00e9ral sur les activit\u00e9s de l\u2019association, et d\u2019avoir des responsabilit\u00e9s dans son bon fonctionnement quotidien. Vous travaillerez en collaboration avec les deux Copr\u00e9sident\u00b7e\u00b7s ainsi que le\u00b7a&nbsp; administrateur\u00b7rice. Aussi, vous serez amen\u00e9 \u00e0 avoir quelques contacts avec le reste du comit\u00e9 \u00e9galement.<\/p>\n\n\n\n<p><strong>Principales activit\u00e9s<\/strong><\/p>\n\n\n\n<ul class=\"wp-block-list\">\n<li>Point de contact et d\u2019information pour les commissions d\u2019activit\u00e9 et les \u00e9tudiant\u00b7e\u00b7s EPFL ;<\/li>\n\n\n\n<li>Tenue de l\u2019accueil\/boutique de l\u2019association 4-5 jours par semaine ;<\/li>\n\n\n\n<li>Gestion des stocks de la boutique ;<\/li>\n\n\n\n<li>Gestion des contacts de l\u2019association par t\u00e9l\u00e9phone et par e-mail ;<\/li>\n\n\n\n<li>R\u00e9ception et suivi des demandes faites \u00e0 l\u2019association (gestion du courrier et&nbsp; correspondance administrative) ;<\/li>\n\n\n\n<li>R\u00e9daction de proc\u00e8s-verbaux d\u2019Assembl\u00e9e G\u00e9n\u00e9rale, de communications et relecture de documents ;<\/li>\n\n\n\n<li>Travail de suivi de certains processus comptables, parfois en collaboration avec notre secr\u00e9taire comptable : gestion de la comptabilit\u00e9 de la boutique, d\u2019argent en esp\u00e8ces, etc;<\/li>\n<\/ul>\n\n\n\n<p><strong>Formation et exp\u00e9riences<\/strong><\/p>\n\n\n\n<ul class=\"wp-block-list\">\n<li>Titulaire d\u2019un CFC employ\u00e9\u00b7e de commerce ou gestionnaire de commerce (autres profils encourag\u00e9s) ;<\/li>\n\n\n\n<li>Profils junior encourag\u00e9s ;<\/li>\n<\/ul>\n\n\n\n<p><strong>Comp\u00e9tences<\/strong><\/p>\n\n\n\n<ul class=\"wp-block-list\">\n<li>Avenant\u00b7e et sociable, vous avez le sens du contact ;<\/li>\n\n\n\n<li>Capacit\u00e9 d\u2019adaptation, proactif\u00b7ve et curieux\u00b7se ;<\/li>\n\n\n\n<li>Aisance r\u00e9dactionnelle et ma\u00eetrise de l\u2019orthographe en fran\u00e7ais ;<\/li>\n\n\n\n<li>Int\u00e9r\u00eat et motivation pour du travail administratif ;<\/li>\n\n\n\n<li>Sens des responsabilit\u00e9s, rigueur et autonomie ;<\/li>\n\n\n\n<li>Esprit de collaboration ;&nbsp;<\/li>\n\n\n\n<li>Stricte discr\u00e9tion ;<\/li>\n\n\n\n<li>Ma\u00eetrise des outils bureautiques standards ;<\/li>\n\n\n\n<li>Aisance en anglais, dans le cadre d\u2019interactions avec des \u00e9tudiant\u00b7e\u00b7s internationaux\u00b7les, et la compr\u00e9hension de l\u2019allemand est un plus ;<\/li>\n<\/ul>\n\n\n\n<p><strong>Nous vous offrons<\/strong><\/p>\n\n\n\n<ul class=\"wp-block-list\">\n<li>Cadre de travail jeune et dynamique, en constante \u00e9volution ;<\/li>\n\n\n\n<li>Poste administratif central dans notre organisation, avec des responsabilit\u00e9s ;<\/li>\n\n\n\n<li>P\u00e9riode de formation et d\u2019accompagnement avec le comit\u00e9 et notre collaboratrice sur le d\u00e9part ;<\/li>\n\n\n\n<li>Salaire attractif, bas\u00e9 sur les statistiques f\u00e9d\u00e9rales et index\u00e9 annuellement sur le rench\u00e9rissement selon la pratique EPFL ;<\/li>\n\n\n\n<li>Semaine de travail de 40 heures en pr\u00e9sentiel avec 5 semaines de cong\u00e9s par an ;\u00a0<\/li>\n<\/ul>\n\n\n\n<p><strong>Informations suppl\u00e9mentaires<\/strong><\/p>\n\n\n\n<p>Le lieu de travail se situe sur le site de l\u2019EPFL \u00e0 Ecublens (VD).<\/p>\n\n\n\n<p>Embauche en CDI avec p\u00e9riode d\u2019essai de trois mois.<\/p>\n\n\n\n<p>Entr\u00e9e en fonction \u00e0 partir du 30 juin 2025 et au plus tard au 1 septembre 2025.<\/p>","protected":false},"excerpt":{"rendered":"<p>Secr\u00e9taire Polyvalent\u00b7e \u00e0 100% Les postulations et demandes de renseignement se font par e-mail uniquement, \u00e0 l\u2019adresse suivante : rh@agepoly.ch. En cas de postulation, merci de joindre votre CV, une lettre de motivation ainsi que vos \u00e9ventuelles r\u00e9f\u00e9rences. La date limite de d\u00e9p\u00f4t des candidatures est fix\u00e9e au 18 avril 2025. L\u2019Association G\u00e9n\u00e9rale des \u00c9tudiant\u00b7e\u00b7s&hellip;&nbsp;<a href=\"https:\/\/agepoly.ch\/en\/offre-demploi\/\" class=\"\" rel=\"bookmark\">Read More &raquo;<span class=\"screen-reader-text\">Offre d&#8217;emploi<\/span><\/a><\/p>","protected":false},"author":5,"featured_media":0,"parent":0,"menu_order":0,"comment_status":"closed","ping_status":"closed","template":"","meta":{"neve_meta_sidebar":"","neve_meta_container":"","neve_meta_enable_content_width":"","neve_meta_content_width":0,"neve_meta_title_alignment":"","neve_meta_author_avatar":"","neve_post_elements_order":"","neve_meta_disable_header":"","neve_meta_disable_footer":"","neve_meta_disable_title":"","_themeisle_gutenberg_block_has_review":false,"footnotes":""},"class_list":["post-1746","page","type-page","status-publish","hentry"],"_links":{"self":[{"href":"https:\/\/agepoly.ch\/en\/wp-json\/wp\/v2\/pages\/1746","targetHints":{"allow":["GET"]}}],"collection":[{"href":"https:\/\/agepoly.ch\/en\/wp-json\/wp\/v2\/pages"}],"about":[{"href":"https:\/\/agepoly.ch\/en\/wp-json\/wp\/v2\/types\/page"}],"author":[{"embeddable":true,"href":"https:\/\/agepoly.ch\/en\/wp-json\/wp\/v2\/users\/5"}],"replies":[{"embeddable":true,"href":"https:\/\/agepoly.ch\/en\/wp-json\/wp\/v2\/comments?post=1746"}],"version-history":[{"count":3,"href":"https:\/\/agepoly.ch\/en\/wp-json\/wp\/v2\/pages\/1746\/revisions"}],"predecessor-version":[{"id":1754,"href":"https:\/\/agepoly.ch\/en\/wp-json\/wp\/v2\/pages\/1746\/revisions\/1754"}],"wp:attachment":[{"href":"https:\/\/agepoly.ch\/en\/wp-json\/wp\/v2\/media?parent=1746"}],"curies":[{"name":"wp","href":"https:\/\/api.w.org\/{rel}","templated":true}]}}